{"id":20,"date":"2021-11-28T15:09:33","date_gmt":"2021-11-28T14:09:33","guid":{"rendered":"http:\/\/aeronauten.org\/wordpress\/?page_id=20"},"modified":"2025-06-25T17:19:18","modified_gmt":"2025-06-25T15:19:18","slug":"aeronauten-2","status":"publish","type":"page","link":"http:\/\/aeronauten.org\/wordpress\/","title":{"rendered":"aeronauten"},"content":{"rendered":"\n<h2 class=\"wp-block-heading has-light-gray-color has-text-color has-system-font-font-family\" id=\"Hallo\" style=\"font-size:50px;text-transform:lowercase\">hallo<\/h2>\n\n\n\n<p style=\"font-size:14px;font-style:normal;font-weight:300\">Sch\u00f6n, dass Sie zu unserer Homepage gefunden haben. Im Laufe des Jahres werden wir weitere Angebote hinzuf\u00fcgen, bzw. durchgef\u00fchrte Projekte vorstellen.<\/p>\n\n\n\n<p class=\"has-system-font-font-family\" style=\"font-size:14px\"><strong>Entdecken, Forschen und Lernen 2025<\/strong><\/p>\n\n\n\n<p><\/p>\n\n\n\n<p class=\"has-system-font-font-family\" style=\"font-size:14px;font-style:normal;font-weight:300\">Das Angebot &#8222;Entdecken, Forschen und Lernen&#8220; der Stadt Frankfurt richtet sich an Frankfurter Schulen\/Universit\u00e4ten, Kindertageseinrichtungen bzw. Einrichtungen, die Aktivit\u00e4ten f\u00fcr Frankfurter Sch\u00fcler*innen, Student*innen im Alter von 8 bis 48 Jahren anbieten. Mehr Infos zum Gesamtprogramm des Umweltamtes der Stadt Frankfurt unter: <a rel=\"noreferrer noopener\" href=\"https:\/\/frankfurt.de\/themen\/umwelt-und-gruen\/aktivitaeten\/lernen\/efl_schulprogramm\" target=\"_blank\">www.frankfurt.de\/efl.<\/a><\/p>\n\n\n\n<p class=\"has-link-color wp-elements-b495ee2e16b8611b3bc503a05d2e9f1f\" id=\"Angebote\" style=\"font-size:14px\"><a href=\"http:\/\/aeronauten.org\/wordpress\/index.php\/angebote\/\" data-type=\"page\" data-id=\"138\"><strong>Workshops f\u00fcr Frankfurter Einrichtungen<\/strong><\/a> <\/p>\n\n\n\n<p id=\"Angebote\" style=\"font-size:14px\">Anmeldung ihrer Schulklasse oder Einrichtung f\u00fcr Workshops in der Aeronautenwerkstatt<\/p>\n\n\n\n<p class=\"has-cyan-bluish-gray-color has-text-color\">&#8212;&#8212;&#8212;&#8212;&#8212;&#8212;&#8212;&#8212;&#8212;&#8212;&#8212;&#8212;&#8212;&#8212;&#8212;&#8212;&#8212;&#8212;&#8212;<\/p>\n\n\n\n<p class=\"has-vivid-cyan-blue-color has-text-color has-link-color wp-elements-5e663dd0c15e26e0d192d38002145227\" style=\"font-size:14px\"><a href=\"http:\/\/aeronauten.org\/wordpress\/index.php\/angebote\/\" data-type=\"page\" data-id=\"138\"><strong>Private Veranstaltungen<\/strong><\/a><\/p>\n\n\n\n<p class=\"has-system-font-font-family\" style=\"font-size:14px;font-style:normal;font-weight:300\">Informationen zu privaten Veranstaltungen, Workshops f\u00fcr Schulen und Einrichtungen au\u00dferhalb des Frankfurter Stadtgebiets <\/p>\n\n\n\n<p class=\"has-cyan-bluish-gray-color has-text-color\">&#8212;&#8212;&#8212;&#8212;&#8212;&#8212;&#8212;&#8212;&#8212;&#8212;&#8212;&#8212;&#8212;&#8212;&#8212;&#8212;&#8212;&#8212;&#8212;<\/p>\n\n\n\n<p class=\"has-dark-gray-color has-text-color has-system-font-font-family\" style=\"font-size:14px\">kommende Veranstaltungen 2025<\/p>\n\n\n\n<p class=\"has-system-font-font-family\" style=\"font-size:14px;font-style:normal;font-weight:500\"><strong>Sommerwerkstatt 2025 \u2013 an vier Wochenenden vom 05. Juli <br>bis zum 27. Juli  2025.<\/strong><\/p>\n\n\n\n<p class=\"has-system-font-font-family\" style=\"font-size:14px;font-style:normal;font-weight:300\">Ab dem 05. Juli 2025 k\u00f6nnen Kinder in Begleitung von Erwachsenen in den Sommerferien gemeinsam bauen und experimentieren. Die Sommerwerkstatt des Umwelt-Exploratoriums ist Teil des st\u00e4dtischen Umweltbildungsprogramms \u201eEntdecken, Forschen und Lernen im Frankfurter Gr\u00fcnG\u00fcrtel\u201c und hat sich in den vergangenen Jahren vom Geheimtipp zum festen Termin im Sommerferien-Kalender vieler Familien entwickelt. <br><br>In diesem Jahr soll erstmalig ein Programm durchgef\u00fchrt werden, dass sich zus\u00e4tzlich verst\u00e4rkt dem Themenfeld der Interaktion mit digitalen Medien widmet. Dieses Thema zieht sich durch alle Wochenenden durch.<\/p>\n\n\n\n<p class=\"has-system-font-font-family\" style=\"font-size:14px;font-style:normal;font-weight:300\"><strong><strong>\u201ePlappern, Pfeifen, Lernen \u2013 Den V\u00f6geln auf den Schnabel geschaut\u201c<\/strong><\/strong><br>Die Sommerwerkstatt 2025 bei den Aeronauten, f\u00fchrt dieses Jahr Familien in eine Welt, in der sich Naturbeobachtung, Technik und Fantasie auf kreative Weise verbinden. Ausgangspunkt ist der Alte Flugplatz Klabach \/ Bonames, ein lebendiges Naturschutzgebiet mit \u00fcber 115 Vogelarten \u2013 darunter viele bedrohte Arten. Ihre Ges\u00e4nge, ihr Verhalten und besonders ihre Schn\u00e4bel stehen im Zentrum unserer diesj\u00e4hrigen Werkstatt.<\/p>\n\n\n\n<p class=\"has-system-font-font-family\" style=\"font-size:14px;font-style:normal;font-weight:300\">In f\u00fcnf aufeinander aufbauenden Stationen entdecken Kinder und ihre Eltern, wie V\u00f6gel sich durch evolution\u00e4re Anpassung an unterschiedliche Nahrungsquellen angepasst haben \u2013 und wie sich diese Mechanismen mit einfachen Mitteln \u201enachbauen\u201c und verstehen lassen:<br><br><strong>1. Bau der Vogelschn\u00e4bel:<\/strong> <br>\u2028Aus Pappe entstehen f\u00fcnf verschiedene Schnabelformen \u2013 jede spezialisiert auf eine Nahrung wie <br>z. B. Kerne, M\u00e4use, Fische, Insekten oder Maden. Was frisst wer \u2013 und warum?\u2028<br><br><strong>2. Mechanische Bewegung:\u2028<\/strong><br>Mit einfachen \u201ePappprothesen\u201c und Automaten beginnen wir die selbstgebauten Vogelk\u00f6pfe zu bewegen \u2013 Schnabel auf, Schnabel zu!\u2028<br><strong><br>3. Servo-gest\u00fctzte Steuerung:\u2028<\/strong><br>Jetzt kommt erste Technik ins Spiel: Mit Drehschalter \u00fcbernehmen wir Kontrolle \u00fcber Drehbewegungen Kleiner Motoren (Servos) \u2013 der Vogelkopf reagiert auf Impulse, wir machen Aufnahmen von Bewegungssequenzen und spielen diese wieder ab.\u2028<br><br><strong>4. Digitale Steuerung:<\/strong><br>\u2028Mit Blockly-Programmierung oder analogen \u201eProgramm-Scheiben\u201c wird sichtbar, wie komplex einfachste Bewegungen werden k\u00f6nnen \u2013 ein Einstieg in logisches Denken und digitale Bildung<br>mit Hilfe von Micro:bit Mikrokontrollern.\u2028<br><br><strong>5. K\u00fcnstliche Intelligenz:\u2028<\/strong><br>Am Ende erkennen unsere V\u00f6gel sogar Futter: Mithilfe KI-gest\u00fctzter Objekterkennung k\u00f6nnen sie nicken \u2013 oder den Kopf sch\u00fctteln, wenn etwas nicht passt.\u2028 Ein fantasievoller, spielerischer Einstieg in das Zusammenspiel von gespeicherten Bildsammlungen, Entscheidung und Technologie.<\/p>\n\n\n\n<p class=\"has-system-font-font-family\" style=\"font-size:14px;font-style:normal;font-weight:300\"><\/p>\n\n\n\n<p><\/p>\n\n\n\n<figure class=\"wp-block-image size-large\"><img loading=\"lazy\" decoding=\"async\" width=\"1024\" height=\"683\" src=\"http:\/\/aeronauten.org\/wordpress\/wp-content\/uploads\/2025\/05\/WerkstattBild2025-1024x683.gif\" alt=\"\" class=\"wp-image-1512\" srcset=\"http:\/\/aeronauten.org\/wordpress\/wp-content\/uploads\/2025\/05\/WerkstattBild2025-1024x683.gif 1024w, http:\/\/aeronauten.org\/wordpress\/wp-content\/uploads\/2025\/05\/WerkstattBild2025-300x200.gif 300w, http:\/\/aeronauten.org\/wordpress\/wp-content\/uploads\/2025\/05\/WerkstattBild2025-768x512.gif 768w, http:\/\/aeronauten.org\/wordpress\/wp-content\/uploads\/2025\/05\/WerkstattBild2025-1200x800.gif 1200w\" sizes=\"auto, (max-width: 1024px) 100vw, 1024px\" \/><\/figure>\n\n\n\n<p class=\"has-system-font-font-family\" style=\"font-size:14px\"><strong><strong><strong>\u201ePlappern, Pfeifen, Lernen \u2013 Den V\u00f6geln auf den Schnabel geschaut\u201c<\/strong><\/strong><\/strong><\/p>\n\n\n\n<p class=\"has-system-font-font-family\" style=\"font-size:14px;font-style:normal;font-weight:300\">Am Samstag den 05. und Sonntag den 06.Juli, von 11:00-16:00 Uhr<br>Am Samstag den 12. und Sonntag den 13.Juli, von 11:00-16:00 Uhr<br>Am Samstag den 19. und Sonntag den 20.Juli, von 11:00-16:00 Uhr<br>Am Samstag den 26. und Sonntag den 27.Juli, von 11:00-16:00 Uhr<\/p>\n\n\n\n<p><\/p>\n\n\n\n<p><\/p>\n\n\n\n<p><\/p>\n\n\n\n<p class=\"has-system-font-font-family\" style=\"font-size:14px;font-style:normal;font-weight:300\">&#8230;und wie immer jede Menge zu Basteln!<\/p>\n\n\n\n<p style=\"font-size:14px;font-style:normal;font-weight:300\">Beginn zwischen 11 und 15 Uhr ohne Anmeldung. Um 16 Uhr schlie\u00dfen wir. Kinder k\u00f6nnen in Begleitung eines Erwachsenen mitmachen. Eine Teilnahme ohne erwachsener Begleitperson ist nur ab 14 Jahren m\u00f6glich. Die Sommerwerkstatt ist kostenfrei.<\/p>\n\n\n\n<p style=\"font-size:14px;font-style:normal;font-weight:300\">Wir danken &#8222;Zukunft bilden&#8220; &#8211; Andrea &amp; Markus Eisel Stiftung, und der Union Investment Stiftung, die das Lern- und Erlebnisangebot in diesem Jahr finanziell erm\u00f6glichen.<\/p>\n\n\n\n<p class=\"has-cyan-bluish-gray-color has-text-color\">&#8212;&#8212;&#8212;&#8212;&#8212;&#8212;&#8212;&#8212;&#8212;&#8212;&#8212;&#8212;&#8212;&#8212;&#8212;&#8212;&#8212;&#8212;&#8212;<\/p>\n\n\n\n<p class=\"has-dark-gray-color has-text-color\" style=\"font-size:14px\"><strong>Wasserraketen Flugtag<\/strong> <\/p>\n\n\n\n<p class=\"has-system-font-font-family\" style=\"font-size:14px;font-style:normal;font-weight:300\">Am 07.09.2025, Bauzeit von 11 bis 15 Uhr, Flugzeit von 12 bis 16 Uhr.<\/p>\n\n\n\n<p class=\"has-system-font-font-family\" style=\"font-size:14px;font-style:normal;font-weight:300\">3,- Euro pro gebaute Rakete. Bitte eine 1-Liter-PET- &#8222;Normbrunnenflasche&#8220;, da wir darauf basierend die Leitwerke bauen, mitbringen!<\/p>\n\n\n\n<p class=\"has-system-font-font-family\" style=\"font-size:14px;font-style:normal;font-weight:300\"><a rel=\"noreferrer noopener\" href=\"https:\/\/de.wikipedia.org\/wiki\/Normbrunnenflasche#\/media\/Datei:Mineralwasserflasche.jpg\" target=\"_blank\">https:\/\/de.wikipedia.org\/wiki\/Normbrunnenflasche#\/media\/Datei:Mineralwasserflasche.jpg<\/a><br><\/p>\n\n\n\n<p style=\"font-size:14px;font-style:normal;font-weight:300\">Aus einer PET-Flasche bauen wir eine Wasserrakete und lassen diese zum Himmel sausen. Der Raketentag der Aeronauten-Werkstatt f\u00fcr Kinder und Jugendliche ab f\u00fcnf Jahren geh\u00f6rt inzwischen zu den Klassikern im Frankfurter Gr\u00fcnG\u00fcrtel. Mit fachkundiger Hilfe werden Raketen gebaut, getestet und optimiert, damit sie m\u00f6glichst hoch fliegen und am Fallschirm, mit Propeller oder von Gleitfl\u00fcgeln sanft getragen auch sicher wieder landen. <\/p>\n\n\n\n<figure class=\"wp-block-image size-large\"><img loading=\"lazy\" decoding=\"async\" width=\"1024\" height=\"1024\" src=\"http:\/\/aeronauten.org\/wordpress\/wp-content\/uploads\/2023\/02\/Wasserrakete01-1024x1024.jpg\" alt=\"\" class=\"wp-image-481\" srcset=\"http:\/\/aeronauten.org\/wordpress\/wp-content\/uploads\/2023\/02\/Wasserrakete01-1024x1024.jpg 1024w, http:\/\/aeronauten.org\/wordpress\/wp-content\/uploads\/2023\/02\/Wasserrakete01-300x300.jpg 300w, http:\/\/aeronauten.org\/wordpress\/wp-content\/uploads\/2023\/02\/Wasserrakete01-150x150.jpg 150w, http:\/\/aeronauten.org\/wordpress\/wp-content\/uploads\/2023\/02\/Wasserrakete01-768x768.jpg 768w, http:\/\/aeronauten.org\/wordpress\/wp-content\/uploads\/2023\/02\/Wasserrakete01-600x600.jpg 600w, http:\/\/aeronauten.org\/wordpress\/wp-content\/uploads\/2023\/02\/Wasserrakete01.jpg 1134w\" sizes=\"auto, (max-width: 1024px) 100vw, 1024px\" \/><\/figure>\n\n\n\n<p class=\"has-cyan-bluish-gray-color has-text-color\">&#8212;&#8212;&#8212;&#8212;&#8212;&#8212;&#8212;&#8212;&#8212;&#8212;&#8212;&#8212;&#8212;&#8212;&#8212;&#8212;&#8212;&#8212;&#8212;<\/p>\n\n\n\n<p class=\"has-dark-gray-color has-text-color\" style=\"font-size:30px;font-style:normal;font-weight:400;text-transform:capitalize\">Workshop Angebote<\/p>\n\n\n\n<hr class=\"wp-block-separator has-text-color has-secondary-color has-alpha-channel-opacity has-secondary-background-color has-background alignwide is-style-dots\"\/>\n\n\n<ul style=\"font-size:14px;\" class=\"wp-block-latest-posts__list is-grid columns-3 alignwide is-style-default wp-block-latest-posts\"><li><div class=\"wp-block-latest-posts__featured-image\"><a href=\"http:\/\/aeronauten.org\/wordpress\/index.php\/2023\/03\/07\/luftschrauben\/\" aria-label=\"Luftschrauber\"><img loading=\"lazy\" decoding=\"async\" width=\"300\" height=\"225\" src=\"http:\/\/aeronauten.org\/wordpress\/wp-content\/uploads\/2023\/03\/Handpropellerweb-300x225.jpg\" class=\"attachment-medium size-medium wp-post-image\" alt=\"\" style=\"max-width:206px;max-height:150px;\" srcset=\"http:\/\/aeronauten.org\/wordpress\/wp-content\/uploads\/2023\/03\/Handpropellerweb-300x225.jpg 300w, http:\/\/aeronauten.org\/wordpress\/wp-content\/uploads\/2023\/03\/Handpropellerweb.jpg 680w\" sizes=\"auto, (max-width: 300px) 100vw, 300px\" \/><\/a><\/div><a class=\"wp-block-latest-posts__post-title\" href=\"http:\/\/aeronauten.org\/wordpress\/index.php\/2023\/03\/07\/luftschrauben\/\">Luftschrauber<\/a><div class=\"wp-block-latest-posts__post-excerpt\">Luftschrauber, Hubschrauber sind wohl die eigent\u00fcmlichsten Flugmaschinen die wir kennen.\u2026\u00a0<a class=\"wp-block-latest-posts__read-more\" href=\"http:\/\/aeronauten.org\/wordpress\/index.php\/2023\/03\/07\/luftschrauben\/\" rel=\"noopener noreferrer\"><span class=\"screen-reader-text\">Luftschrauber <\/span>weiterlesen<\/a><\/div><\/li>\n<li><div class=\"wp-block-latest-posts__featured-image\"><a href=\"http:\/\/aeronauten.org\/wordpress\/index.php\/2023\/02\/15\/heisse-luft-und-klimagase\/\" aria-label=\"Hei\u00dfe Luft und Klimagase\"><img loading=\"lazy\" decoding=\"async\" width=\"225\" height=\"300\" src=\"http:\/\/aeronauten.org\/wordpress\/wp-content\/uploads\/2023\/02\/DSC01203-225x300.jpg\" class=\"attachment-medium size-medium wp-post-image\" alt=\"\" style=\"max-width:206px;max-height:150px;\" srcset=\"http:\/\/aeronauten.org\/wordpress\/wp-content\/uploads\/2023\/02\/DSC01203-225x300.jpg 225w, http:\/\/aeronauten.org\/wordpress\/wp-content\/uploads\/2023\/02\/DSC01203-768x1024.jpg 768w, http:\/\/aeronauten.org\/wordpress\/wp-content\/uploads\/2023\/02\/DSC01203-1152x1536.jpg 1152w, http:\/\/aeronauten.org\/wordpress\/wp-content\/uploads\/2023\/02\/DSC01203-1536x2048.jpg 1536w, http:\/\/aeronauten.org\/wordpress\/wp-content\/uploads\/2023\/02\/DSC01203-1568x2091.jpg 1568w, http:\/\/aeronauten.org\/wordpress\/wp-content\/uploads\/2023\/02\/DSC01203-scaled.jpg 1920w\" sizes=\"auto, (max-width: 225px) 100vw, 225px\" \/><\/a><\/div><a class=\"wp-block-latest-posts__post-title\" href=\"http:\/\/aeronauten.org\/wordpress\/index.php\/2023\/02\/15\/heisse-luft-und-klimagase\/\">Hei\u00dfe Luft und Klimagase<\/a><div class=\"wp-block-latest-posts__post-excerpt\">Hei\u00dfe Luft und Klimagase, Im Workshop werden wir uns mit\u2026\u00a0<a class=\"wp-block-latest-posts__read-more\" href=\"http:\/\/aeronauten.org\/wordpress\/index.php\/2023\/02\/15\/heisse-luft-und-klimagase\/\" rel=\"noopener noreferrer\"><span class=\"screen-reader-text\">Hei\u00dfe Luft und Klimagase <\/span>weiterlesen<\/a><\/div><\/li>\n<li><div class=\"wp-block-latest-posts__featured-image\"><a href=\"http:\/\/aeronauten.org\/wordpress\/index.php\/2023\/02\/15\/zeppelin\/\" aria-label=\"Zeppelin\"><img loading=\"lazy\" decoding=\"async\" width=\"300\" height=\"225\" src=\"http:\/\/aeronauten.org\/wordpress\/wp-content\/uploads\/2023\/02\/DSC02553-300x225.jpg\" class=\"attachment-medium size-medium wp-post-image\" alt=\"\" style=\"max-width:206px;max-height:150px;\" srcset=\"http:\/\/aeronauten.org\/wordpress\/wp-content\/uploads\/2023\/02\/DSC02553-300x225.jpg 300w, http:\/\/aeronauten.org\/wordpress\/wp-content\/uploads\/2023\/02\/DSC02553-1024x768.jpg 1024w, http:\/\/aeronauten.org\/wordpress\/wp-content\/uploads\/2023\/02\/DSC02553-768x576.jpg 768w, http:\/\/aeronauten.org\/wordpress\/wp-content\/uploads\/2023\/02\/DSC02553-1536x1152.jpg 1536w, http:\/\/aeronauten.org\/wordpress\/wp-content\/uploads\/2023\/02\/DSC02553-2048x1536.jpg 2048w, http:\/\/aeronauten.org\/wordpress\/wp-content\/uploads\/2023\/02\/DSC02553-1568x1176.jpg 1568w\" sizes=\"auto, (max-width: 300px) 100vw, 300px\" \/><\/a><\/div><a class=\"wp-block-latest-posts__post-title\" href=\"http:\/\/aeronauten.org\/wordpress\/index.php\/2023\/02\/15\/zeppelin\/\">Zeppelin<\/a><div class=\"wp-block-latest-posts__post-excerpt\">Luftschiff-Workshop, Lautlos schweben eure Fluggef\u00e4hrte durch den Raum.Die Aeronauten-Werkstatt l\u00e4dt\u2026\u00a0<a class=\"wp-block-latest-posts__read-more\" href=\"http:\/\/aeronauten.org\/wordpress\/index.php\/2023\/02\/15\/zeppelin\/\" rel=\"noopener noreferrer\"><span class=\"screen-reader-text\">Zeppelin <\/span>weiterlesen<\/a><\/div><\/li>\n<li><div class=\"wp-block-latest-posts__featured-image\"><a href=\"http:\/\/aeronauten.org\/wordpress\/index.php\/2022\/10\/06\/bodeneffekt-fahrzeug\/\" aria-label=\"Bodeneffekt Fahrzeug\"><img loading=\"lazy\" decoding=\"async\" width=\"300\" height=\"225\" src=\"http:\/\/aeronauten.org\/wordpress\/wp-content\/uploads\/2023\/02\/Boden03-300x225.jpg\" class=\"attachment-medium size-medium wp-post-image\" alt=\"\" style=\"max-width:206px;max-height:150px;\" srcset=\"http:\/\/aeronauten.org\/wordpress\/wp-content\/uploads\/2023\/02\/Boden03-300x225.jpg 300w, http:\/\/aeronauten.org\/wordpress\/wp-content\/uploads\/2023\/02\/Boden03-1024x768.jpg 1024w, http:\/\/aeronauten.org\/wordpress\/wp-content\/uploads\/2023\/02\/Boden03-768x576.jpg 768w, http:\/\/aeronauten.org\/wordpress\/wp-content\/uploads\/2023\/02\/Boden03.jpg 1134w\" sizes=\"auto, (max-width: 300px) 100vw, 300px\" \/><\/a><\/div><a class=\"wp-block-latest-posts__post-title\" href=\"http:\/\/aeronauten.org\/wordpress\/index.php\/2022\/10\/06\/bodeneffekt-fahrzeug\/\">Bodeneffekt Fahrzeug<\/a><div class=\"wp-block-latest-posts__post-excerpt\">Bodeneffekt, Wir wollen dieses Ph\u00e4nomen nutzen, um unsere eigenen Bodeneffekt-Fahrzeuge\u2026\u00a0<a class=\"wp-block-latest-posts__read-more\" href=\"http:\/\/aeronauten.org\/wordpress\/index.php\/2022\/10\/06\/bodeneffekt-fahrzeug\/\" rel=\"noopener noreferrer\"><span class=\"screen-reader-text\">Bodeneffekt Fahrzeug <\/span>weiterlesen<\/a><\/div><\/li>\n<li><div class=\"wp-block-latest-posts__featured-image\"><a href=\"http:\/\/aeronauten.org\/wordpress\/index.php\/2020\/08\/08\/zikaden-werkstatt\/\" aria-label=\"Zikaden Werkstatt\"><img loading=\"lazy\" decoding=\"async\" width=\"300\" height=\"225\" src=\"http:\/\/aeronauten.org\/wordpress\/wp-content\/uploads\/2020\/08\/IMG_0939-300x225.jpeg\" class=\"attachment-medium size-medium wp-post-image\" alt=\"\" style=\"max-width:206px;max-height:150px;\" srcset=\"http:\/\/aeronauten.org\/wordpress\/wp-content\/uploads\/2020\/08\/IMG_0939-300x225.jpeg 300w, http:\/\/aeronauten.org\/wordpress\/wp-content\/uploads\/2020\/08\/IMG_0939-1024x768.jpeg 1024w, http:\/\/aeronauten.org\/wordpress\/wp-content\/uploads\/2020\/08\/IMG_0939-768x576.jpeg 768w, http:\/\/aeronauten.org\/wordpress\/wp-content\/uploads\/2020\/08\/IMG_0939-1536x1152.jpeg 1536w, http:\/\/aeronauten.org\/wordpress\/wp-content\/uploads\/2020\/08\/IMG_0939-2048x1536.jpeg 2048w, http:\/\/aeronauten.org\/wordpress\/wp-content\/uploads\/2020\/08\/IMG_0939-1568x1176.jpeg 1568w\" sizes=\"auto, (max-width: 300px) 100vw, 300px\" \/><\/a><\/div><a class=\"wp-block-latest-posts__post-title\" href=\"http:\/\/aeronauten.org\/wordpress\/index.php\/2020\/08\/08\/zikaden-werkstatt\/\">Zikaden Werkstatt<\/a><div class=\"wp-block-latest-posts__post-excerpt\">Zikadenwerkstatt, wer springt am h\u00f6chsten? Kein Mensch jedenfalls springt h\u00f6her\u2026\u00a0<a class=\"wp-block-latest-posts__read-more\" href=\"http:\/\/aeronauten.org\/wordpress\/index.php\/2020\/08\/08\/zikaden-werkstatt\/\" rel=\"noopener noreferrer\"><span class=\"screen-reader-text\">Zikaden Werkstatt <\/span>weiterlesen<\/a><\/div><\/li>\n<li><div class=\"wp-block-latest-posts__featured-image\"><a href=\"http:\/\/aeronauten.org\/wordpress\/index.php\/2020\/08\/01\/schmetterlings-werkstatt\/\" aria-label=\"Schmetterlings Werkstatt\"><img loading=\"lazy\" decoding=\"async\" width=\"300\" height=\"200\" src=\"http:\/\/aeronauten.org\/wordpress\/wp-content\/uploads\/2020\/08\/Schachbrettfalter-300x200.jpg\" class=\"attachment-medium size-medium wp-post-image\" alt=\"\" style=\"max-width:206px;max-height:150px;\" srcset=\"http:\/\/aeronauten.org\/wordpress\/wp-content\/uploads\/2020\/08\/Schachbrettfalter-300x200.jpg 300w, http:\/\/aeronauten.org\/wordpress\/wp-content\/uploads\/2020\/08\/Schachbrettfalter-1024x684.jpg 1024w, http:\/\/aeronauten.org\/wordpress\/wp-content\/uploads\/2020\/08\/Schachbrettfalter-768x513.jpg 768w, http:\/\/aeronauten.org\/wordpress\/wp-content\/uploads\/2020\/08\/Schachbrettfalter-1536x1025.jpg 1536w, http:\/\/aeronauten.org\/wordpress\/wp-content\/uploads\/2020\/08\/Schachbrettfalter-2048x1367.jpg 2048w, http:\/\/aeronauten.org\/wordpress\/wp-content\/uploads\/2020\/08\/Schachbrettfalter-1200x800.jpg 1200w, http:\/\/aeronauten.org\/wordpress\/wp-content\/uploads\/2020\/08\/Schachbrettfalter-1568x1047.jpg 1568w\" sizes=\"auto, (max-width: 300px) 100vw, 300px\" \/><\/a><\/div><a class=\"wp-block-latest-posts__post-title\" href=\"http:\/\/aeronauten.org\/wordpress\/index.php\/2020\/08\/01\/schmetterlings-werkstatt\/\">Schmetterlings Werkstatt<\/a><div class=\"wp-block-latest-posts__post-excerpt\">Schmetterlingswerkstatt, Zun\u00e4chst untersuchen wir die Vielfalt der Farben auf den\u2026\u00a0<a class=\"wp-block-latest-posts__read-more\" href=\"http:\/\/aeronauten.org\/wordpress\/index.php\/2020\/08\/01\/schmetterlings-werkstatt\/\" rel=\"noopener noreferrer\"><span class=\"screen-reader-text\">Schmetterlings Werkstatt <\/span>weiterlesen<\/a><\/div><\/li>\n<li><div class=\"wp-block-latest-posts__featured-image\"><a href=\"http:\/\/aeronauten.org\/wordpress\/index.php\/2020\/08\/01\/postkarten-werkstatt\/\" aria-label=\"Bionik Struktur\"><img loading=\"lazy\" decoding=\"async\" width=\"225\" height=\"300\" src=\"http:\/\/aeronauten.org\/wordpress\/wp-content\/uploads\/2020\/08\/IMG_8640-225x300.jpeg\" class=\"attachment-medium size-medium wp-post-image\" alt=\"\" style=\"max-width:206px;max-height:150px;\" srcset=\"http:\/\/aeronauten.org\/wordpress\/wp-content\/uploads\/2020\/08\/IMG_8640-225x300.jpeg 225w, http:\/\/aeronauten.org\/wordpress\/wp-content\/uploads\/2020\/08\/IMG_8640-768x1024.jpeg 768w, http:\/\/aeronauten.org\/wordpress\/wp-content\/uploads\/2020\/08\/IMG_8640.jpeg 960w\" sizes=\"auto, (max-width: 225px) 100vw, 225px\" \/><\/a><\/div><a class=\"wp-block-latest-posts__post-title\" href=\"http:\/\/aeronauten.org\/wordpress\/index.php\/2020\/08\/01\/postkarten-werkstatt\/\">Bionik Struktur<\/a><div class=\"wp-block-latest-posts__post-excerpt\">Strukturwerkstatt, Mit besonderen Lupen f\u00fcrs Handy aus der Aeronauten-Werkstatt gehen\u2026\u00a0<a class=\"wp-block-latest-posts__read-more\" href=\"http:\/\/aeronauten.org\/wordpress\/index.php\/2020\/08\/01\/postkarten-werkstatt\/\" rel=\"noopener noreferrer\"><span class=\"screen-reader-text\">Bionik Struktur <\/span>weiterlesen<\/a><\/div><\/li>\n<li><div class=\"wp-block-latest-posts__featured-image\"><a href=\"http:\/\/aeronauten.org\/wordpress\/index.php\/2020\/08\/01\/origami-werkstatt\/\" aria-label=\"Bionik Origami\"><img loading=\"lazy\" decoding=\"async\" width=\"300\" height=\"225\" src=\"http:\/\/aeronauten.org\/wordpress\/wp-content\/uploads\/2020\/08\/Raupe_Stempel-300x225.jpeg\" class=\"attachment-medium size-medium wp-post-image\" alt=\"\" style=\"max-width:206px;max-height:150px;\" srcset=\"http:\/\/aeronauten.org\/wordpress\/wp-content\/uploads\/2020\/08\/Raupe_Stempel-300x225.jpeg 300w, http:\/\/aeronauten.org\/wordpress\/wp-content\/uploads\/2020\/08\/Raupe_Stempel-1024x768.jpeg 1024w, http:\/\/aeronauten.org\/wordpress\/wp-content\/uploads\/2020\/08\/Raupe_Stempel-768x576.jpeg 768w, http:\/\/aeronauten.org\/wordpress\/wp-content\/uploads\/2020\/08\/Raupe_Stempel-1536x1152.jpeg 1536w, http:\/\/aeronauten.org\/wordpress\/wp-content\/uploads\/2020\/08\/Raupe_Stempel-2048x1536.jpeg 2048w, http:\/\/aeronauten.org\/wordpress\/wp-content\/uploads\/2020\/08\/Raupe_Stempel-1568x1176.jpeg 1568w\" sizes=\"auto, (max-width: 300px) 100vw, 300px\" \/><\/a><\/div><a class=\"wp-block-latest-posts__post-title\" href=\"http:\/\/aeronauten.org\/wordpress\/index.php\/2020\/08\/01\/origami-werkstatt\/\">Bionik Origami<\/a><div class=\"wp-block-latest-posts__post-excerpt\">Origami-Werkstatt, Geduld und Geschicklichkeit sind gefragt in unserer Origamiwerkstatt, in\u2026\u00a0<a class=\"wp-block-latest-posts__read-more\" href=\"http:\/\/aeronauten.org\/wordpress\/index.php\/2020\/08\/01\/origami-werkstatt\/\" rel=\"noopener noreferrer\"><span class=\"screen-reader-text\">Bionik Origami <\/span>weiterlesen<\/a><\/div><\/li>\n<li><div class=\"wp-block-latest-posts__featured-image\"><a href=\"http:\/\/aeronauten.org\/wordpress\/index.php\/2020\/07\/01\/skulpturen-werkstatt\/\" aria-label=\"Bionik Form\"><img loading=\"lazy\" decoding=\"async\" width=\"300\" height=\"225\" src=\"http:\/\/aeronauten.org\/wordpress\/wp-content\/uploads\/2020\/07\/IMG_0746-300x225.jpg\" class=\"attachment-medium size-medium wp-post-image\" alt=\"\" style=\"max-width:206px;max-height:150px;\" srcset=\"http:\/\/aeronauten.org\/wordpress\/wp-content\/uploads\/2020\/07\/IMG_0746-300x225.jpg 300w, http:\/\/aeronauten.org\/wordpress\/wp-content\/uploads\/2020\/07\/IMG_0746-1024x768.jpg 1024w, http:\/\/aeronauten.org\/wordpress\/wp-content\/uploads\/2020\/07\/IMG_0746-768x576.jpg 768w, http:\/\/aeronauten.org\/wordpress\/wp-content\/uploads\/2020\/07\/IMG_0746-1536x1152.jpg 1536w, http:\/\/aeronauten.org\/wordpress\/wp-content\/uploads\/2020\/07\/IMG_0746-2048x1536.jpg 2048w, http:\/\/aeronauten.org\/wordpress\/wp-content\/uploads\/2020\/07\/IMG_0746-1568x1176.jpg 1568w\" sizes=\"auto, (max-width: 300px) 100vw, 300px\" \/><\/a><\/div><a class=\"wp-block-latest-posts__post-title\" href=\"http:\/\/aeronauten.org\/wordpress\/index.php\/2020\/07\/01\/skulpturen-werkstatt\/\">Bionik Form<\/a><div class=\"wp-block-latest-posts__post-excerpt\">Formwerkstatt, In dieser Kunstwerkstatt setzen wir nochmal unsere Speziallupen f\u00fcrs\u2026\u00a0<a class=\"wp-block-latest-posts__read-more\" href=\"http:\/\/aeronauten.org\/wordpress\/index.php\/2020\/07\/01\/skulpturen-werkstatt\/\" rel=\"noopener noreferrer\"><span class=\"screen-reader-text\">Bionik Form <\/span>weiterlesen<\/a><\/div><\/li>\n<li><div class=\"wp-block-latest-posts__featured-image\"><a href=\"http:\/\/aeronauten.org\/wordpress\/index.php\/2019\/08\/31\/gibt-es-ein-leben-neben-dem-plastik\/\" aria-label=\"Gibt es ein Leben neben dem Plastik?\"><img loading=\"lazy\" decoding=\"async\" width=\"300\" height=\"225\" src=\"http:\/\/aeronauten.org\/wordpress\/wp-content\/uploads\/2023\/02\/IMG_4015-scaled-e1675262744753-300x225.jpg\" class=\"attachment-medium size-medium wp-post-image\" alt=\"\" style=\"max-width:206px;max-height:150px;\" srcset=\"http:\/\/aeronauten.org\/wordpress\/wp-content\/uploads\/2023\/02\/IMG_4015-scaled-e1675262744753-300x225.jpg 300w, http:\/\/aeronauten.org\/wordpress\/wp-content\/uploads\/2023\/02\/IMG_4015-scaled-e1675262744753-1024x768.jpg 1024w, http:\/\/aeronauten.org\/wordpress\/wp-content\/uploads\/2023\/02\/IMG_4015-scaled-e1675262744753-768x576.jpg 768w, http:\/\/aeronauten.org\/wordpress\/wp-content\/uploads\/2023\/02\/IMG_4015-scaled-e1675262744753-1536x1152.jpg 1536w, http:\/\/aeronauten.org\/wordpress\/wp-content\/uploads\/2023\/02\/IMG_4015-scaled-e1675262744753-2048x1536.jpg 2048w, http:\/\/aeronauten.org\/wordpress\/wp-content\/uploads\/2023\/02\/IMG_4015-scaled-e1675262744753-1568x1176.jpg 1568w\" sizes=\"auto, (max-width: 300px) 100vw, 300px\" \/><\/a><\/div><a class=\"wp-block-latest-posts__post-title\" href=\"http:\/\/aeronauten.org\/wordpress\/index.php\/2019\/08\/31\/gibt-es-ein-leben-neben-dem-plastik\/\">Gibt es ein Leben neben dem Plastik?<\/a><div class=\"wp-block-latest-posts__post-excerpt\">Gibt es ein Leben neben dem Plastik, nichts verpackt die\u2026\u00a0<a class=\"wp-block-latest-posts__read-more\" href=\"http:\/\/aeronauten.org\/wordpress\/index.php\/2019\/08\/31\/gibt-es-ein-leben-neben-dem-plastik\/\" rel=\"noopener noreferrer\"><span class=\"screen-reader-text\">Gibt es ein Leben neben dem Plastik? <\/span>weiterlesen<\/a><\/div><\/li>\n<li><div class=\"wp-block-latest-posts__featured-image\"><a href=\"http:\/\/aeronauten.org\/wordpress\/index.php\/2018\/09\/06\/drachen-werkstatt\/\" aria-label=\"Afghanische Drachen\"><img loading=\"lazy\" decoding=\"async\" width=\"300\" height=\"158\" src=\"http:\/\/aeronauten.org\/wordpress\/wp-content\/uploads\/2018\/09\/ADrachen2_mhf1425-e1676025080183-300x158.jpg\" class=\"attachment-medium size-medium wp-post-image\" alt=\"\" style=\"max-width:206px;max-height:150px;\" srcset=\"http:\/\/aeronauten.org\/wordpress\/wp-content\/uploads\/2018\/09\/ADrachen2_mhf1425-e1676025080183-300x158.jpg 300w, http:\/\/aeronauten.org\/wordpress\/wp-content\/uploads\/2018\/09\/ADrachen2_mhf1425-e1676025080183-1024x539.jpg 1024w, http:\/\/aeronauten.org\/wordpress\/wp-content\/uploads\/2018\/09\/ADrachen2_mhf1425-e1676025080183-768x404.jpg 768w, http:\/\/aeronauten.org\/wordpress\/wp-content\/uploads\/2018\/09\/ADrachen2_mhf1425-e1676025080183-1536x809.jpg 1536w, http:\/\/aeronauten.org\/wordpress\/wp-content\/uploads\/2018\/09\/ADrachen2_mhf1425-e1676025080183-1568x826.jpg 1568w, http:\/\/aeronauten.org\/wordpress\/wp-content\/uploads\/2018\/09\/ADrachen2_mhf1425-e1676025080183.jpg 1897w\" sizes=\"auto, (max-width: 300px) 100vw, 300px\" \/><\/a><\/div><a class=\"wp-block-latest-posts__post-title\" href=\"http:\/\/aeronauten.org\/wordpress\/index.php\/2018\/09\/06\/drachen-werkstatt\/\">Afghanische Drachen<\/a><div class=\"wp-block-latest-posts__post-excerpt\">Afghanische Drachen-Werkstatt, aus buntem Transparentpapier, Holzst\u00e4ben und Schnur bauen wir\u2026\u00a0<a class=\"wp-block-latest-posts__read-more\" href=\"http:\/\/aeronauten.org\/wordpress\/index.php\/2018\/09\/06\/drachen-werkstatt\/\" rel=\"noopener noreferrer\"><span class=\"screen-reader-text\">Afghanische Drachen <\/span>weiterlesen<\/a><\/div><\/li>\n<li><div class=\"wp-block-latest-posts__featured-image\"><a href=\"http:\/\/aeronauten.org\/wordpress\/index.php\/2018\/08\/06\/windwanderer\/\" aria-label=\"\u00dcberlebenschancen der Pflanzen: Fit f\u00fcr den Klimawandel?\"><img loading=\"lazy\" decoding=\"async\" width=\"300\" height=\"144\" src=\"http:\/\/aeronauten.org\/wordpress\/wp-content\/uploads\/2018\/08\/DSC06425-scaled-e1676026232364-300x144.jpg\" class=\"attachment-medium size-medium wp-post-image\" alt=\"\" style=\"max-width:206px;max-height:150px;\" srcset=\"http:\/\/aeronauten.org\/wordpress\/wp-content\/uploads\/2018\/08\/DSC06425-scaled-e1676026232364-300x144.jpg 300w, http:\/\/aeronauten.org\/wordpress\/wp-content\/uploads\/2018\/08\/DSC06425-scaled-e1676026232364-1024x492.jpg 1024w, http:\/\/aeronauten.org\/wordpress\/wp-content\/uploads\/2018\/08\/DSC06425-scaled-e1676026232364-768x369.jpg 768w, http:\/\/aeronauten.org\/wordpress\/wp-content\/uploads\/2018\/08\/DSC06425-scaled-e1676026232364-1536x739.jpg 1536w, http:\/\/aeronauten.org\/wordpress\/wp-content\/uploads\/2018\/08\/DSC06425-scaled-e1676026232364-2048x985.jpg 2048w, http:\/\/aeronauten.org\/wordpress\/wp-content\/uploads\/2018\/08\/DSC06425-scaled-e1676026232364-1568x754.jpg 1568w\" sizes=\"auto, (max-width: 300px) 100vw, 300px\" \/><\/a><\/div><a class=\"wp-block-latest-posts__post-title\" href=\"http:\/\/aeronauten.org\/wordpress\/index.php\/2018\/08\/06\/windwanderer\/\">\u00dcberlebenschancen der Pflanzen: Fit f\u00fcr den Klimawandel?<\/a><div class=\"wp-block-latest-posts__post-excerpt\">Windwanderer, was mag ein Flugsamen, Windwanderer, Bodenroller oder Steppenl\u00e4ufer sein?\u2026\u00a0<a class=\"wp-block-latest-posts__read-more\" href=\"http:\/\/aeronauten.org\/wordpress\/index.php\/2018\/08\/06\/windwanderer\/\" rel=\"noopener noreferrer\"><span class=\"screen-reader-text\">\u00dcberlebenschancen der Pflanzen: Fit f\u00fcr den Klimawandel? <\/span>weiterlesen<\/a><\/div><\/li>\n<li><div class=\"wp-block-latest-posts__featured-image\"><a href=\"http:\/\/aeronauten.org\/wordpress\/index.php\/2017\/08\/07\/essenz-des-alten-flugplatzes\/\" aria-label=\"Essenz des Alten Flugplatzes\"><img loading=\"lazy\" decoding=\"async\" width=\"300\" height=\"225\" src=\"http:\/\/aeronauten.org\/wordpress\/wp-content\/uploads\/2017\/08\/DSC08108-300x225.jpg\" class=\"attachment-medium size-medium wp-post-image\" alt=\"\" style=\"max-width:206px;max-height:150px;\" srcset=\"http:\/\/aeronauten.org\/wordpress\/wp-content\/uploads\/2017\/08\/DSC08108-300x225.jpg 300w, http:\/\/aeronauten.org\/wordpress\/wp-content\/uploads\/2017\/08\/DSC08108-1024x768.jpg 1024w, http:\/\/aeronauten.org\/wordpress\/wp-content\/uploads\/2017\/08\/DSC08108-768x576.jpg 768w, http:\/\/aeronauten.org\/wordpress\/wp-content\/uploads\/2017\/08\/DSC08108-1536x1152.jpg 1536w, http:\/\/aeronauten.org\/wordpress\/wp-content\/uploads\/2017\/08\/DSC08108-2048x1536.jpg 2048w, http:\/\/aeronauten.org\/wordpress\/wp-content\/uploads\/2017\/08\/DSC08108-1568x1176.jpg 1568w\" sizes=\"auto, (max-width: 300px) 100vw, 300px\" \/><\/a><\/div><a class=\"wp-block-latest-posts__post-title\" href=\"http:\/\/aeronauten.org\/wordpress\/index.php\/2017\/08\/07\/essenz-des-alten-flugplatzes\/\">Essenz des Alten Flugplatzes<\/a><div class=\"wp-block-latest-posts__post-excerpt\">Essenz des Alten Flugplatzes, die Auftaktveranstaltung zur Sommerwerkstatt 2012 beginnt\u2026\u00a0<a class=\"wp-block-latest-posts__read-more\" href=\"http:\/\/aeronauten.org\/wordpress\/index.php\/2017\/08\/07\/essenz-des-alten-flugplatzes\/\" rel=\"noopener noreferrer\"><span class=\"screen-reader-text\">Essenz des Alten Flugplatzes <\/span>weiterlesen<\/a><\/div><\/li>\n<li><div class=\"wp-block-latest-posts__featured-image\"><a href=\"http:\/\/aeronauten.org\/wordpress\/index.php\/2017\/08\/07\/bienenhaus-insekten\/\" aria-label=\"Bienenhaus\"><img loading=\"lazy\" decoding=\"async\" width=\"300\" height=\"220\" src=\"http:\/\/aeronauten.org\/wordpress\/wp-content\/uploads\/2017\/08\/IMG_1834-300x220.jpg\" class=\"attachment-medium size-medium wp-post-image\" alt=\"\" style=\"max-width:206px;max-height:150px;\" srcset=\"http:\/\/aeronauten.org\/wordpress\/wp-content\/uploads\/2017\/08\/IMG_1834-300x220.jpg 300w, http:\/\/aeronauten.org\/wordpress\/wp-content\/uploads\/2017\/08\/IMG_1834-1024x751.jpg 1024w, http:\/\/aeronauten.org\/wordpress\/wp-content\/uploads\/2017\/08\/IMG_1834-768x563.jpg 768w, http:\/\/aeronauten.org\/wordpress\/wp-content\/uploads\/2017\/08\/IMG_1834-1536x1127.jpg 1536w, http:\/\/aeronauten.org\/wordpress\/wp-content\/uploads\/2017\/08\/IMG_1834-2048x1502.jpg 2048w, http:\/\/aeronauten.org\/wordpress\/wp-content\/uploads\/2017\/08\/IMG_1834-1568x1150.jpg 1568w\" sizes=\"auto, (max-width: 300px) 100vw, 300px\" \/><\/a><\/div><a class=\"wp-block-latest-posts__post-title\" href=\"http:\/\/aeronauten.org\/wordpress\/index.php\/2017\/08\/07\/bienenhaus-insekten\/\">Bienenhaus<\/a><div class=\"wp-block-latest-posts__post-excerpt\">Bienenhaus, zusammen mit der K\u00fcnstlergruppe finger (Florian Haas, Andreas Wolf),\u2026\u00a0<a class=\"wp-block-latest-posts__read-more\" href=\"http:\/\/aeronauten.org\/wordpress\/index.php\/2017\/08\/07\/bienenhaus-insekten\/\" rel=\"noopener noreferrer\"><span class=\"screen-reader-text\">Bienenhaus <\/span>weiterlesen<\/a><\/div><\/li>\n<li><div class=\"wp-block-latest-posts__featured-image\"><a href=\"http:\/\/aeronauten.org\/wordpress\/index.php\/2017\/07\/06\/kernbeisser-und-fliegenschnaepper\/\" aria-label=\"Vom Gr\u00fcnschnabel zum Kernbei\u00dfer\"><img loading=\"lazy\" decoding=\"async\" width=\"300\" height=\"200\" src=\"http:\/\/aeronauten.org\/wordpress\/wp-content\/uploads\/2017\/07\/DSCF2911-300x200.jpg\" class=\"attachment-medium size-medium wp-post-image\" alt=\"\" style=\"max-width:206px;max-height:150px;\" srcset=\"http:\/\/aeronauten.org\/wordpress\/wp-content\/uploads\/2017\/07\/DSCF2911-300x200.jpg 300w, http:\/\/aeronauten.org\/wordpress\/wp-content\/uploads\/2017\/07\/DSCF2911-1024x683.jpg 1024w, http:\/\/aeronauten.org\/wordpress\/wp-content\/uploads\/2017\/07\/DSCF2911-768x512.jpg 768w, http:\/\/aeronauten.org\/wordpress\/wp-content\/uploads\/2017\/07\/DSCF2911-1536x1024.jpg 1536w, http:\/\/aeronauten.org\/wordpress\/wp-content\/uploads\/2017\/07\/DSCF2911-2048x1365.jpg 2048w, http:\/\/aeronauten.org\/wordpress\/wp-content\/uploads\/2017\/07\/DSCF2911-1200x800.jpg 1200w, http:\/\/aeronauten.org\/wordpress\/wp-content\/uploads\/2017\/07\/DSCF2911-1568x1045.jpg 1568w\" sizes=\"auto, (max-width: 300px) 100vw, 300px\" \/><\/a><\/div><a class=\"wp-block-latest-posts__post-title\" href=\"http:\/\/aeronauten.org\/wordpress\/index.php\/2017\/07\/06\/kernbeisser-und-fliegenschnaepper\/\">Vom Gr\u00fcnschnabel zum Kernbei\u00dfer<\/a><div class=\"wp-block-latest-posts__post-excerpt\">Kernbei\u00dfer und Fliegenschn\u00e4pper &#8211; Vielfalt f\u00fcr Gr\u00fcnschn\u00e4bel Zeig mir deinen\u2026\u00a0<a class=\"wp-block-latest-posts__read-more\" href=\"http:\/\/aeronauten.org\/wordpress\/index.php\/2017\/07\/06\/kernbeisser-und-fliegenschnaepper\/\" rel=\"noopener noreferrer\"><span class=\"screen-reader-text\">Vom Gr\u00fcnschnabel zum Kernbei\u00dfer <\/span>weiterlesen<\/a><\/div><\/li>\n<li><div class=\"wp-block-latest-posts__featured-image\"><a href=\"http:\/\/aeronauten.org\/wordpress\/index.php\/2016\/08\/07\/wasserlaeufer\/\" aria-label=\"Wasserl\u00e4ufer\"><img loading=\"lazy\" decoding=\"async\" width=\"300\" height=\"208\" src=\"http:\/\/aeronauten.org\/wordpress\/wp-content\/uploads\/2016\/08\/insekten_wasserlaeufer_-300x208.jpg\" class=\"attachment-medium size-medium wp-post-image\" alt=\"\" style=\"max-width:206px;max-height:150px;\" srcset=\"http:\/\/aeronauten.org\/wordpress\/wp-content\/uploads\/2016\/08\/insekten_wasserlaeufer_-300x208.jpg 300w, http:\/\/aeronauten.org\/wordpress\/wp-content\/uploads\/2016\/08\/insekten_wasserlaeufer_-1024x711.jpg 1024w, http:\/\/aeronauten.org\/wordpress\/wp-content\/uploads\/2016\/08\/insekten_wasserlaeufer_-768x533.jpg 768w, http:\/\/aeronauten.org\/wordpress\/wp-content\/uploads\/2016\/08\/insekten_wasserlaeufer_-1536x1066.jpg 1536w, http:\/\/aeronauten.org\/wordpress\/wp-content\/uploads\/2016\/08\/insekten_wasserlaeufer_-2048x1422.jpg 2048w, http:\/\/aeronauten.org\/wordpress\/wp-content\/uploads\/2016\/08\/insekten_wasserlaeufer_-1568x1089.jpg 1568w\" sizes=\"auto, (max-width: 300px) 100vw, 300px\" \/><\/a><\/div><a class=\"wp-block-latest-posts__post-title\" href=\"http:\/\/aeronauten.org\/wordpress\/index.php\/2016\/08\/07\/wasserlaeufer\/\">Wasserl\u00e4ufer<\/a><div class=\"wp-block-latest-posts__post-excerpt\">Wasserl\u00e4ufer, nur wenige Lebewesen k\u00f6nnen auf dem Wasserlaufen ohne unterzugehen.\u2026\u00a0<a class=\"wp-block-latest-posts__read-more\" href=\"http:\/\/aeronauten.org\/wordpress\/index.php\/2016\/08\/07\/wasserlaeufer\/\" rel=\"noopener noreferrer\"><span class=\"screen-reader-text\">Wasserl\u00e4ufer <\/span>weiterlesen<\/a><\/div><\/li>\n<li><div class=\"wp-block-latest-posts__featured-image\"><a href=\"http:\/\/aeronauten.org\/wordpress\/index.php\/2016\/07\/07\/beschleunigung\/\" aria-label=\"Beschleunigung\"><img loading=\"lazy\" decoding=\"async\" width=\"300\" height=\"127\" src=\"http:\/\/aeronauten.org\/wordpress\/wp-content\/uploads\/2016\/07\/DSCF7543-300x127.jpg\" class=\"attachment-medium size-medium wp-post-image\" alt=\"\" style=\"max-width:206px;max-height:150px;\" srcset=\"http:\/\/aeronauten.org\/wordpress\/wp-content\/uploads\/2016\/07\/DSCF7543-300x127.jpg 300w, http:\/\/aeronauten.org\/wordpress\/wp-content\/uploads\/2016\/07\/DSCF7543-1024x432.jpg 1024w, http:\/\/aeronauten.org\/wordpress\/wp-content\/uploads\/2016\/07\/DSCF7543-768x324.jpg 768w, http:\/\/aeronauten.org\/wordpress\/wp-content\/uploads\/2016\/07\/DSCF7543-1536x648.jpg 1536w, http:\/\/aeronauten.org\/wordpress\/wp-content\/uploads\/2016\/07\/DSCF7543-2048x864.jpg 2048w, http:\/\/aeronauten.org\/wordpress\/wp-content\/uploads\/2016\/07\/DSCF7543-1568x662.jpg 1568w\" sizes=\"auto, (max-width: 300px) 100vw, 300px\" \/><\/a><\/div><a class=\"wp-block-latest-posts__post-title\" href=\"http:\/\/aeronauten.org\/wordpress\/index.php\/2016\/07\/07\/beschleunigung\/\">Beschleunigung<\/a><div class=\"wp-block-latest-posts__post-excerpt\">Beschleunigung, Sowohl der Leopard als auch moderne Rennwagen sind in\u2026\u00a0<a class=\"wp-block-latest-posts__read-more\" href=\"http:\/\/aeronauten.org\/wordpress\/index.php\/2016\/07\/07\/beschleunigung\/\" rel=\"noopener noreferrer\"><span class=\"screen-reader-text\">Beschleunigung <\/span>weiterlesen<\/a><\/div><\/li>\n<li><div class=\"wp-block-latest-posts__featured-image\"><a href=\"http:\/\/aeronauten.org\/wordpress\/index.php\/2016\/05\/07\/1qm-wald\/\" aria-label=\"1qm Wald\"><img loading=\"lazy\" decoding=\"async\" width=\"300\" height=\"225\" src=\"http:\/\/aeronauten.org\/wordpress\/wp-content\/uploads\/2016\/05\/img_8676-300x225.jpg\" class=\"attachment-medium size-medium wp-post-image\" alt=\"\" style=\"max-width:206px;max-height:150px;\" srcset=\"http:\/\/aeronauten.org\/wordpress\/wp-content\/uploads\/2016\/05\/img_8676-300x225.jpg 300w, http:\/\/aeronauten.org\/wordpress\/wp-content\/uploads\/2016\/05\/img_8676-1024x768.jpg 1024w, http:\/\/aeronauten.org\/wordpress\/wp-content\/uploads\/2016\/05\/img_8676-768x576.jpg 768w, http:\/\/aeronauten.org\/wordpress\/wp-content\/uploads\/2016\/05\/img_8676-1536x1152.jpg 1536w, http:\/\/aeronauten.org\/wordpress\/wp-content\/uploads\/2016\/05\/img_8676-2048x1536.jpg 2048w, http:\/\/aeronauten.org\/wordpress\/wp-content\/uploads\/2016\/05\/img_8676-1568x1176.jpg 1568w\" sizes=\"auto, (max-width: 300px) 100vw, 300px\" \/><\/a><\/div><a class=\"wp-block-latest-posts__post-title\" href=\"http:\/\/aeronauten.org\/wordpress\/index.php\/2016\/05\/07\/1qm-wald\/\">1qm Wald<\/a><div class=\"wp-block-latest-posts__post-excerpt\">\u201eEin Quadratmeter Wald\u201c Den Wald und dessen Sch\u00f6nheit neu entdecken,\u2026\u00a0<a class=\"wp-block-latest-posts__read-more\" href=\"http:\/\/aeronauten.org\/wordpress\/index.php\/2016\/05\/07\/1qm-wald\/\" rel=\"noopener noreferrer\"><span class=\"screen-reader-text\">1qm Wald <\/span>weiterlesen<\/a><\/div><\/li>\n<li><div class=\"wp-block-latest-posts__featured-image\"><a href=\"http:\/\/aeronauten.org\/wordpress\/index.php\/2016\/03\/07\/startbahnsegler\/\" aria-label=\"Startbahnsegler\"><img loading=\"lazy\" decoding=\"async\" width=\"300\" height=\"205\" src=\"http:\/\/aeronauten.org\/wordpress\/wp-content\/uploads\/2016\/03\/DSF2319-e1676279203139-300x205.jpg\" class=\"attachment-medium size-medium wp-post-image\" alt=\"\" style=\"max-width:206px;max-height:150px;\" srcset=\"http:\/\/aeronauten.org\/wordpress\/wp-content\/uploads\/2016\/03\/DSF2319-e1676279203139-300x205.jpg 300w, http:\/\/aeronauten.org\/wordpress\/wp-content\/uploads\/2016\/03\/DSF2319-e1676279203139.jpg 622w\" sizes=\"auto, (max-width: 300px) 100vw, 300px\" \/><\/a><\/div><a class=\"wp-block-latest-posts__post-title\" href=\"http:\/\/aeronauten.org\/wordpress\/index.php\/2016\/03\/07\/startbahnsegler\/\">Startbahnsegler<\/a><div class=\"wp-block-latest-posts__post-excerpt\">Startbahnsegler, pfeilschnell flitzt er \u00fcber die Startbahn. Unser dreir\u00e4driges Fahrzeug\u2026\u00a0<a class=\"wp-block-latest-posts__read-more\" href=\"http:\/\/aeronauten.org\/wordpress\/index.php\/2016\/03\/07\/startbahnsegler\/\" rel=\"noopener noreferrer\"><span class=\"screen-reader-text\">Startbahnsegler <\/span>weiterlesen<\/a><\/div><\/li>\n<li><div class=\"wp-block-latest-posts__featured-image\"><a href=\"http:\/\/aeronauten.org\/wordpress\/index.php\/2016\/02\/07\/frosch-katapult\/\" aria-label=\"Frosch\/Katapult\"><img loading=\"lazy\" decoding=\"async\" width=\"300\" height=\"271\" src=\"http:\/\/aeronauten.org\/wordpress\/wp-content\/uploads\/2016\/02\/cc_Mokele-300x271.jpg\" class=\"attachment-medium size-medium wp-post-image\" alt=\"\" style=\"max-width:206px;max-height:150px;\" srcset=\"http:\/\/aeronauten.org\/wordpress\/wp-content\/uploads\/2016\/02\/cc_Mokele-300x271.jpg 300w, http:\/\/aeronauten.org\/wordpress\/wp-content\/uploads\/2016\/02\/cc_Mokele-768x693.jpg 768w, http:\/\/aeronauten.org\/wordpress\/wp-content\/uploads\/2016\/02\/cc_Mokele.jpg 800w\" sizes=\"auto, (max-width: 300px) 100vw, 300px\" \/><\/a><\/div><a class=\"wp-block-latest-posts__post-title\" href=\"http:\/\/aeronauten.org\/wordpress\/index.php\/2016\/02\/07\/frosch-katapult\/\">Frosch\/Katapult<\/a><div class=\"wp-block-latest-posts__post-excerpt\">Frosch\/Katapult, Fr\u00f6schen neben dem Hangar?, die Aeronauten staunen nicht nur\u2026\u00a0<a class=\"wp-block-latest-posts__read-more\" href=\"http:\/\/aeronauten.org\/wordpress\/index.php\/2016\/02\/07\/frosch-katapult\/\" rel=\"noopener noreferrer\"><span class=\"screen-reader-text\">Frosch\/Katapult <\/span>weiterlesen<\/a><\/div><\/li>\n<li><div class=\"wp-block-latest-posts__featured-image\"><a href=\"http:\/\/aeronauten.org\/wordpress\/index.php\/2015\/02\/07\/bonbon-werkstatt\/\" aria-label=\"Bonbon-Werkstatt\"><img loading=\"lazy\" decoding=\"async\" width=\"300\" height=\"200\" src=\"http:\/\/aeronauten.org\/wordpress\/wp-content\/uploads\/2015\/02\/DSCF0360-300x200.jpg\" class=\"attachment-medium size-medium wp-post-image\" alt=\"\" style=\"max-width:206px;max-height:150px;\" srcset=\"http:\/\/aeronauten.org\/wordpress\/wp-content\/uploads\/2015\/02\/DSCF0360-300x200.jpg 300w, http:\/\/aeronauten.org\/wordpress\/wp-content\/uploads\/2015\/02\/DSCF0360-1024x683.jpg 1024w, http:\/\/aeronauten.org\/wordpress\/wp-content\/uploads\/2015\/02\/DSCF0360-768x512.jpg 768w, http:\/\/aeronauten.org\/wordpress\/wp-content\/uploads\/2015\/02\/DSCF0360-1536x1024.jpg 1536w, http:\/\/aeronauten.org\/wordpress\/wp-content\/uploads\/2015\/02\/DSCF0360-2048x1365.jpg 2048w, http:\/\/aeronauten.org\/wordpress\/wp-content\/uploads\/2015\/02\/DSCF0360-1200x800.jpg 1200w, http:\/\/aeronauten.org\/wordpress\/wp-content\/uploads\/2015\/02\/DSCF0360-1568x1045.jpg 1568w\" sizes=\"auto, (max-width: 300px) 100vw, 300px\" \/><\/a><\/div><a class=\"wp-block-latest-posts__post-title\" href=\"http:\/\/aeronauten.org\/wordpress\/index.php\/2015\/02\/07\/bonbon-werkstatt\/\">Bonbon-Werkstatt<\/a><div class=\"wp-block-latest-posts__post-excerpt\">Bonbon-Werkstatt, Wie \u201eschmeckt\u201c der Alte Flugplatz? Viele Pflanzen oder Teile\u2026\u00a0<a class=\"wp-block-latest-posts__read-more\" href=\"http:\/\/aeronauten.org\/wordpress\/index.php\/2015\/02\/07\/bonbon-werkstatt\/\" rel=\"noopener noreferrer\"><span class=\"screen-reader-text\">Bonbon-Werkstatt <\/span>weiterlesen<\/a><\/div><\/li>\n<li><div class=\"wp-block-latest-posts__featured-image\"><a href=\"http:\/\/aeronauten.org\/wordpress\/index.php\/2013\/07\/07\/stadt-in-bewegung\/\" aria-label=\"Stadt in Bewegung\"><img loading=\"lazy\" decoding=\"async\" width=\"300\" height=\"200\" src=\"http:\/\/aeronauten.org\/wordpress\/wp-content\/uploads\/2013\/07\/DSF3673-300x200.jpg\" class=\"attachment-medium size-medium wp-post-image\" alt=\"\" style=\"max-width:206px;max-height:150px;\" srcset=\"http:\/\/aeronauten.org\/wordpress\/wp-content\/uploads\/2013\/07\/DSF3673-300x200.jpg 300w, http:\/\/aeronauten.org\/wordpress\/wp-content\/uploads\/2013\/07\/DSF3673.jpg 640w\" sizes=\"auto, (max-width: 300px) 100vw, 300px\" \/><\/a><\/div><a class=\"wp-block-latest-posts__post-title\" href=\"http:\/\/aeronauten.org\/wordpress\/index.php\/2013\/07\/07\/stadt-in-bewegung\/\">Stadt in Bewegung<\/a><div class=\"wp-block-latest-posts__post-excerpt\">Stadt in Bewegung, Verkehr &#8211; Murmeln bahnen sich Ihren Weg.\u2026\u00a0<a class=\"wp-block-latest-posts__read-more\" href=\"http:\/\/aeronauten.org\/wordpress\/index.php\/2013\/07\/07\/stadt-in-bewegung\/\" rel=\"noopener noreferrer\"><span class=\"screen-reader-text\">Stadt in Bewegung <\/span>weiterlesen<\/a><\/div><\/li>\n<li><div class=\"wp-block-latest-posts__featured-image\"><a href=\"http:\/\/aeronauten.org\/wordpress\/index.php\/2013\/02\/07\/statik-turm-hochhaus\/\" aria-label=\"Statik Turm \/ Hochhaus\"><img loading=\"lazy\" decoding=\"async\" width=\"300\" height=\"225\" src=\"http:\/\/aeronauten.org\/wordpress\/wp-content\/uploads\/2013\/02\/DSC00130-300x225.jpg\" class=\"attachment-medium size-medium wp-post-image\" alt=\"\" style=\"max-width:206px;max-height:150px;\" srcset=\"http:\/\/aeronauten.org\/wordpress\/wp-content\/uploads\/2013\/02\/DSC00130-300x225.jpg 300w, http:\/\/aeronauten.org\/wordpress\/wp-content\/uploads\/2013\/02\/DSC00130.jpg 640w\" sizes=\"auto, (max-width: 300px) 100vw, 300px\" \/><\/a><\/div><a class=\"wp-block-latest-posts__post-title\" href=\"http:\/\/aeronauten.org\/wordpress\/index.php\/2013\/02\/07\/statik-turm-hochhaus\/\">Statik Turm \/ Hochhaus<\/a><div class=\"wp-block-latest-posts__post-excerpt\">Statik Turm \/ Hochhaus, ein Hochhaus sollte auch in den\u2026\u00a0<a class=\"wp-block-latest-posts__read-more\" href=\"http:\/\/aeronauten.org\/wordpress\/index.php\/2013\/02\/07\/statik-turm-hochhaus\/\" rel=\"noopener noreferrer\"><span class=\"screen-reader-text\">Statik Turm \/ Hochhaus <\/span>weiterlesen<\/a><\/div><\/li>\n<li><div class=\"wp-block-latest-posts__featured-image\"><a href=\"http:\/\/aeronauten.org\/wordpress\/index.php\/2012\/08\/07\/flossenantriebe\/\" aria-label=\"Flossenantriebe\"><img loading=\"lazy\" decoding=\"async\" width=\"300\" height=\"199\" src=\"http:\/\/aeronauten.org\/wordpress\/wp-content\/uploads\/2012\/08\/flossenantrieb01_31-300x199.jpg\" class=\"attachment-medium size-medium wp-post-image\" alt=\"\" style=\"max-width:206px;max-height:150px;\" srcset=\"http:\/\/aeronauten.org\/wordpress\/wp-content\/uploads\/2012\/08\/flossenantrieb01_31-300x199.jpg 300w, http:\/\/aeronauten.org\/wordpress\/wp-content\/uploads\/2012\/08\/flossenantrieb01_31-1024x680.jpg 1024w, http:\/\/aeronauten.org\/wordpress\/wp-content\/uploads\/2012\/08\/flossenantrieb01_31-768x510.jpg 768w, http:\/\/aeronauten.org\/wordpress\/wp-content\/uploads\/2012\/08\/flossenantrieb01_31-1536x1020.jpg 1536w, http:\/\/aeronauten.org\/wordpress\/wp-content\/uploads\/2012\/08\/flossenantrieb01_31-2048x1360.jpg 2048w, http:\/\/aeronauten.org\/wordpress\/wp-content\/uploads\/2012\/08\/flossenantrieb01_31-1200x800.jpg 1200w, http:\/\/aeronauten.org\/wordpress\/wp-content\/uploads\/2012\/08\/flossenantrieb01_31-1568x1041.jpg 1568w\" sizes=\"auto, (max-width: 300px) 100vw, 300px\" \/><\/a><\/div><a class=\"wp-block-latest-posts__post-title\" href=\"http:\/\/aeronauten.org\/wordpress\/index.php\/2012\/08\/07\/flossenantriebe\/\">Flossenantriebe<\/a><div class=\"wp-block-latest-posts__post-excerpt\">Flossenantriebe, Mit den in 2011 gewonnenen Erfahrungen zu den gebauten\u2026\u00a0<a class=\"wp-block-latest-posts__read-more\" href=\"http:\/\/aeronauten.org\/wordpress\/index.php\/2012\/08\/07\/flossenantriebe\/\" rel=\"noopener noreferrer\"><span class=\"screen-reader-text\">Flossenantriebe <\/span>weiterlesen<\/a><\/div><\/li>\n<li><div class=\"wp-block-latest-posts__featured-image\"><a href=\"http:\/\/aeronauten.org\/wordpress\/index.php\/2012\/05\/07\/rotorkran\/\" aria-label=\"Rotorkran\"><img loading=\"lazy\" decoding=\"async\" width=\"300\" height=\"239\" src=\"http:\/\/aeronauten.org\/wordpress\/wp-content\/uploads\/2012\/05\/DSC_8495-scaled-e1676295821470-300x239.jpg\" class=\"attachment-medium size-medium wp-post-image\" alt=\"\" style=\"max-width:206px;max-height:150px;\" srcset=\"http:\/\/aeronauten.org\/wordpress\/wp-content\/uploads\/2012\/05\/DSC_8495-scaled-e1676295821470-300x239.jpg 300w, http:\/\/aeronauten.org\/wordpress\/wp-content\/uploads\/2012\/05\/DSC_8495-scaled-e1676295821470-1024x816.jpg 1024w, http:\/\/aeronauten.org\/wordpress\/wp-content\/uploads\/2012\/05\/DSC_8495-scaled-e1676295821470-768x612.jpg 768w, http:\/\/aeronauten.org\/wordpress\/wp-content\/uploads\/2012\/05\/DSC_8495-scaled-e1676295821470-1536x1224.jpg 1536w, http:\/\/aeronauten.org\/wordpress\/wp-content\/uploads\/2012\/05\/DSC_8495-scaled-e1676295821470-1568x1249.jpg 1568w, http:\/\/aeronauten.org\/wordpress\/wp-content\/uploads\/2012\/05\/DSC_8495-scaled-e1676295821470.jpg 1702w\" sizes=\"auto, (max-width: 300px) 100vw, 300px\" \/><\/a><\/div><a class=\"wp-block-latest-posts__post-title\" href=\"http:\/\/aeronauten.org\/wordpress\/index.php\/2012\/05\/07\/rotorkran\/\">Rotorkran<\/a><div class=\"wp-block-latest-posts__post-excerpt\">Rotorkran, Nutzung von Windenergie durch Vertikal-Windr\u00e4derRotoren mit senkrechter Achse haben\u2026\u00a0<a class=\"wp-block-latest-posts__read-more\" href=\"http:\/\/aeronauten.org\/wordpress\/index.php\/2012\/05\/07\/rotorkran\/\" rel=\"noopener noreferrer\"><span class=\"screen-reader-text\">Rotorkran <\/span>weiterlesen<\/a><\/div><\/li>\n<li><div class=\"wp-block-latest-posts__featured-image\"><a href=\"http:\/\/aeronauten.org\/wordpress\/index.php\/2012\/05\/06\/vogeldrachen\/\" aria-label=\"Vogeldrachen\"><img loading=\"lazy\" decoding=\"async\" width=\"213\" height=\"300\" src=\"http:\/\/aeronauten.org\/wordpress\/wp-content\/uploads\/2012\/05\/A0testsgrey-213x300.jpeg\" class=\"attachment-medium size-medium wp-post-image\" alt=\"\" style=\"max-width:206px;max-height:150px;\" srcset=\"http:\/\/aeronauten.org\/wordpress\/wp-content\/uploads\/2012\/05\/A0testsgrey-213x300.jpeg 213w, http:\/\/aeronauten.org\/wordpress\/wp-content\/uploads\/2012\/05\/A0testsgrey.jpeg 227w\" sizes=\"auto, (max-width: 213px) 100vw, 213px\" \/><\/a><\/div><a class=\"wp-block-latest-posts__post-title\" href=\"http:\/\/aeronauten.org\/wordpress\/index.php\/2012\/05\/06\/vogeldrachen\/\">Vogeldrachen<\/a><div class=\"wp-block-latest-posts__post-excerpt\">Vogeldrachen, wir bauen vogel\u00e4hnliche Drachen und vergleichen sie mit den\u2026\u00a0<a class=\"wp-block-latest-posts__read-more\" href=\"http:\/\/aeronauten.org\/wordpress\/index.php\/2012\/05\/06\/vogeldrachen\/\" rel=\"noopener noreferrer\"><span class=\"screen-reader-text\">Vogeldrachen <\/span>weiterlesen<\/a><\/div><\/li>\n<li><div class=\"wp-block-latest-posts__featured-image\"><a href=\"http:\/\/aeronauten.org\/wordpress\/index.php\/2012\/02\/07\/bruecken\/\" aria-label=\"Br\u00fccken\"><img loading=\"lazy\" decoding=\"async\" width=\"300\" height=\"225\" src=\"http:\/\/aeronauten.org\/wordpress\/wp-content\/uploads\/2012\/02\/bruecke-05-300x225.jpg\" class=\"attachment-medium size-medium wp-post-image\" alt=\"\" style=\"max-width:206px;max-height:150px;\" srcset=\"http:\/\/aeronauten.org\/wordpress\/wp-content\/uploads\/2012\/02\/bruecke-05-300x225.jpg 300w, http:\/\/aeronauten.org\/wordpress\/wp-content\/uploads\/2012\/02\/bruecke-05-1024x768.jpg 1024w, http:\/\/aeronauten.org\/wordpress\/wp-content\/uploads\/2012\/02\/bruecke-05-768x576.jpg 768w, http:\/\/aeronauten.org\/wordpress\/wp-content\/uploads\/2012\/02\/bruecke-05-1536x1152.jpg 1536w, http:\/\/aeronauten.org\/wordpress\/wp-content\/uploads\/2012\/02\/bruecke-05-2048x1536.jpg 2048w, http:\/\/aeronauten.org\/wordpress\/wp-content\/uploads\/2012\/02\/bruecke-05-1568x1176.jpg 1568w\" sizes=\"auto, (max-width: 300px) 100vw, 300px\" \/><\/a><\/div><a class=\"wp-block-latest-posts__post-title\" href=\"http:\/\/aeronauten.org\/wordpress\/index.php\/2012\/02\/07\/bruecken\/\">Br\u00fccken<\/a><div class=\"wp-block-latest-posts__post-excerpt\">Br\u00fccken, zu Beginn bauen wir tragf\u00e4hige Bauwerke in kleinem Ma\u00dfstab\u2026\u00a0<a class=\"wp-block-latest-posts__read-more\" href=\"http:\/\/aeronauten.org\/wordpress\/index.php\/2012\/02\/07\/bruecken\/\" rel=\"noopener noreferrer\"><span class=\"screen-reader-text\">Br\u00fccken <\/span>weiterlesen<\/a><\/div><\/li>\n<li><div class=\"wp-block-latest-posts__featured-image\"><a href=\"http:\/\/aeronauten.org\/wordpress\/index.php\/2011\/07\/06\/walkalong-glider\/\" aria-label=\"Flieger\"><img loading=\"lazy\" decoding=\"async\" width=\"300\" height=\"232\" src=\"http:\/\/aeronauten.org\/wordpress\/wp-content\/uploads\/2012\/05\/776px-LilienthalFliegekunst-300x232.png\" class=\"attachment-medium size-medium wp-post-image\" alt=\"\" style=\"max-width:206px;max-height:150px;\" srcset=\"http:\/\/aeronauten.org\/wordpress\/wp-content\/uploads\/2012\/05\/776px-LilienthalFliegekunst-300x232.png 300w, http:\/\/aeronauten.org\/wordpress\/wp-content\/uploads\/2012\/05\/776px-LilienthalFliegekunst-768x594.png 768w, http:\/\/aeronauten.org\/wordpress\/wp-content\/uploads\/2012\/05\/776px-LilienthalFliegekunst.png 776w\" sizes=\"auto, (max-width: 300px) 100vw, 300px\" \/><\/a><\/div><a class=\"wp-block-latest-posts__post-title\" href=\"http:\/\/aeronauten.org\/wordpress\/index.php\/2011\/07\/06\/walkalong-glider\/\">Flieger<\/a><div class=\"wp-block-latest-posts__post-excerpt\">Ob das fliegt?, wir entwickeln und bauen ungew\u00f6hnliche Flugkonstruktionen, die\u2026\u00a0<a class=\"wp-block-latest-posts__read-more\" href=\"http:\/\/aeronauten.org\/wordpress\/index.php\/2011\/07\/06\/walkalong-glider\/\" rel=\"noopener noreferrer\"><span class=\"screen-reader-text\">Flieger <\/span>weiterlesen<\/a><\/div><\/li>\n<li><div class=\"wp-block-latest-posts__featured-image\"><a href=\"http:\/\/aeronauten.org\/wordpress\/index.php\/2010\/08\/06\/wasserraketenwagen\/\" aria-label=\"WasserRaketenwagen\"><img loading=\"lazy\" decoding=\"async\" width=\"300\" height=\"170\" src=\"http:\/\/aeronauten.org\/wordpress\/wp-content\/uploads\/2010\/08\/DSCF5634-scaled-e1676300326757-300x170.jpg\" class=\"attachment-medium size-medium wp-post-image\" alt=\"\" style=\"max-width:206px;max-height:150px;\" srcset=\"http:\/\/aeronauten.org\/wordpress\/wp-content\/uploads\/2010\/08\/DSCF5634-scaled-e1676300326757-300x170.jpg 300w, http:\/\/aeronauten.org\/wordpress\/wp-content\/uploads\/2010\/08\/DSCF5634-scaled-e1676300326757-1024x581.jpg 1024w, http:\/\/aeronauten.org\/wordpress\/wp-content\/uploads\/2010\/08\/DSCF5634-scaled-e1676300326757-768x436.jpg 768w, http:\/\/aeronauten.org\/wordpress\/wp-content\/uploads\/2010\/08\/DSCF5634-scaled-e1676300326757-1536x872.jpg 1536w, http:\/\/aeronauten.org\/wordpress\/wp-content\/uploads\/2010\/08\/DSCF5634-scaled-e1676300326757-1568x890.jpg 1568w, http:\/\/aeronauten.org\/wordpress\/wp-content\/uploads\/2010\/08\/DSCF5634-scaled-e1676300326757.jpg 1747w\" sizes=\"auto, (max-width: 300px) 100vw, 300px\" \/><\/a><\/div><a class=\"wp-block-latest-posts__post-title\" href=\"http:\/\/aeronauten.org\/wordpress\/index.php\/2010\/08\/06\/wasserraketenwagen\/\">WasserRaketenwagen<\/a><div class=\"wp-block-latest-posts__post-excerpt\">Wasserraketenwagen, die Druckkammer unseres Wasserraketenwagen ist gef\u00fcllt, die Fahrstrecke gesichert\u2026\u00a0<a class=\"wp-block-latest-posts__read-more\" href=\"http:\/\/aeronauten.org\/wordpress\/index.php\/2010\/08\/06\/wasserraketenwagen\/\" rel=\"noopener noreferrer\"><span class=\"screen-reader-text\">WasserRaketenwagen <\/span>weiterlesen<\/a><\/div><\/li>\n<li><div class=\"wp-block-latest-posts__featured-image\"><a href=\"http:\/\/aeronauten.org\/wordpress\/index.php\/2010\/02\/07\/unsere-stadt\/\" aria-label=\"Unsere Stadt\"><img loading=\"lazy\" decoding=\"async\" width=\"300\" height=\"214\" src=\"http:\/\/aeronauten.org\/wordpress\/wp-content\/uploads\/2010\/02\/Bildschirmfoto-2023-02-13-um-16.27.02-300x214.png\" class=\"attachment-medium size-medium wp-post-image\" alt=\"\" style=\"max-width:206px;max-height:150px;\" srcset=\"http:\/\/aeronauten.org\/wordpress\/wp-content\/uploads\/2010\/02\/Bildschirmfoto-2023-02-13-um-16.27.02-300x214.png 300w, http:\/\/aeronauten.org\/wordpress\/wp-content\/uploads\/2010\/02\/Bildschirmfoto-2023-02-13-um-16.27.02-1024x731.png 1024w, http:\/\/aeronauten.org\/wordpress\/wp-content\/uploads\/2010\/02\/Bildschirmfoto-2023-02-13-um-16.27.02-768x548.png 768w, http:\/\/aeronauten.org\/wordpress\/wp-content\/uploads\/2010\/02\/Bildschirmfoto-2023-02-13-um-16.27.02.png 1457w\" sizes=\"auto, (max-width: 300px) 100vw, 300px\" \/><\/a><\/div><a class=\"wp-block-latest-posts__post-title\" href=\"http:\/\/aeronauten.org\/wordpress\/index.php\/2010\/02\/07\/unsere-stadt\/\">Unsere Stadt<\/a><div class=\"wp-block-latest-posts__post-excerpt\">Unsere Stadt, ist ein Planspiel. Der Boden der Aeronauten-Werkstatt bietet\u2026\u00a0<a class=\"wp-block-latest-posts__read-more\" href=\"http:\/\/aeronauten.org\/wordpress\/index.php\/2010\/02\/07\/unsere-stadt\/\" rel=\"noopener noreferrer\"><span class=\"screen-reader-text\">Unsere Stadt <\/span>weiterlesen<\/a><\/div><\/li>\n<li><div class=\"wp-block-latest-posts__featured-image\"><a href=\"http:\/\/aeronauten.org\/wordpress\/index.php\/2009\/08\/02\/museoaerosolar\/\" aria-label=\"MuseoAeroSolar\"><img loading=\"lazy\" decoding=\"async\" width=\"300\" height=\"199\" src=\"http:\/\/aeronauten.org\/wordpress\/wp-content\/uploads\/2009\/08\/museo04-300x199.jpg\" class=\"attachment-medium size-medium wp-post-image\" alt=\"\" style=\"max-width:206px;max-height:150px;\" srcset=\"http:\/\/aeronauten.org\/wordpress\/wp-content\/uploads\/2009\/08\/museo04-300x199.jpg 300w, http:\/\/aeronauten.org\/wordpress\/wp-content\/uploads\/2009\/08\/museo04.jpg 640w\" sizes=\"auto, (max-width: 300px) 100vw, 300px\" \/><\/a><\/div><a class=\"wp-block-latest-posts__post-title\" href=\"http:\/\/aeronauten.org\/wordpress\/index.php\/2009\/08\/02\/museoaerosolar\/\">MuseoAeroSolar<\/a><div class=\"wp-block-latest-posts__post-excerpt\">MuseoAeroSolar, Bitte bringen Sie Ihre ausrangierten Plastiktueten mit! Zusammen arbeiten\u2026\u00a0<a class=\"wp-block-latest-posts__read-more\" href=\"http:\/\/aeronauten.org\/wordpress\/index.php\/2009\/08\/02\/museoaerosolar\/\" rel=\"noopener noreferrer\"><span class=\"screen-reader-text\">MuseoAeroSolar <\/span>weiterlesen<\/a><\/div><\/li>\n<li><div class=\"wp-block-latest-posts__featured-image\"><a href=\"http:\/\/aeronauten.org\/wordpress\/index.php\/2009\/02\/07\/vogeltag\/\" aria-label=\"Vogeltag\"><img loading=\"lazy\" decoding=\"async\" width=\"300\" height=\"225\" src=\"http:\/\/aeronauten.org\/wordpress\/wp-content\/uploads\/2009\/02\/DSC00080-300x225.jpg\" class=\"attachment-medium size-medium wp-post-image\" alt=\"\" style=\"max-width:206px;max-height:150px;\" srcset=\"http:\/\/aeronauten.org\/wordpress\/wp-content\/uploads\/2009\/02\/DSC00080-300x225.jpg 300w, http:\/\/aeronauten.org\/wordpress\/wp-content\/uploads\/2009\/02\/DSC00080-1024x768.jpg 1024w, http:\/\/aeronauten.org\/wordpress\/wp-content\/uploads\/2009\/02\/DSC00080-768x576.jpg 768w, http:\/\/aeronauten.org\/wordpress\/wp-content\/uploads\/2009\/02\/DSC00080-1536x1152.jpg 1536w, http:\/\/aeronauten.org\/wordpress\/wp-content\/uploads\/2009\/02\/DSC00080-2048x1536.jpg 2048w, http:\/\/aeronauten.org\/wordpress\/wp-content\/uploads\/2009\/02\/DSC00080-1568x1176.jpg 1568w\" sizes=\"auto, (max-width: 300px) 100vw, 300px\" \/><\/a><\/div><a class=\"wp-block-latest-posts__post-title\" href=\"http:\/\/aeronauten.org\/wordpress\/index.php\/2009\/02\/07\/vogeltag\/\">Vogeltag<\/a><div class=\"wp-block-latest-posts__post-excerpt\">Vogeltag, der Frankfurter Vogeltag ist eine Familienveranstaltung im Rahmen des\u2026\u00a0<a class=\"wp-block-latest-posts__read-more\" href=\"http:\/\/aeronauten.org\/wordpress\/index.php\/2009\/02\/07\/vogeltag\/\" rel=\"noopener noreferrer\"><span class=\"screen-reader-text\">Vogeltag <\/span>weiterlesen<\/a><\/div><\/li>\n<li><div class=\"wp-block-latest-posts__featured-image\"><a href=\"http:\/\/aeronauten.org\/wordpress\/index.php\/2008\/08\/07\/sonnenglut\/\" aria-label=\"Sonnenglut\"><img loading=\"lazy\" decoding=\"async\" width=\"300\" height=\"194\" src=\"http:\/\/aeronauten.org\/wordpress\/wp-content\/uploads\/2008\/08\/DSC05942-scaled-e1676362778649-300x194.jpg\" class=\"attachment-medium size-medium wp-post-image\" alt=\"\" style=\"max-width:206px;max-height:150px;\" srcset=\"http:\/\/aeronauten.org\/wordpress\/wp-content\/uploads\/2008\/08\/DSC05942-scaled-e1676362778649-300x194.jpg 300w, http:\/\/aeronauten.org\/wordpress\/wp-content\/uploads\/2008\/08\/DSC05942-scaled-e1676362778649-768x496.jpg 768w, http:\/\/aeronauten.org\/wordpress\/wp-content\/uploads\/2008\/08\/DSC05942-scaled-e1676362778649.jpg 960w\" sizes=\"auto, (max-width: 300px) 100vw, 300px\" \/><\/a><\/div><a class=\"wp-block-latest-posts__post-title\" href=\"http:\/\/aeronauten.org\/wordpress\/index.php\/2008\/08\/07\/sonnenglut\/\">Sonnenglut<\/a><div class=\"wp-block-latest-posts__post-excerpt\">Sonnenglut, Wir bauten verschiedene W\u00e4rme\u201esammler\u201d und experimentierten damit. Ein Warmwasserkollektor,\u2026\u00a0<a class=\"wp-block-latest-posts__read-more\" href=\"http:\/\/aeronauten.org\/wordpress\/index.php\/2008\/08\/07\/sonnenglut\/\" rel=\"noopener noreferrer\"><span class=\"screen-reader-text\">Sonnenglut <\/span>weiterlesen<\/a><\/div><\/li>\n<li><div class=\"wp-block-latest-posts__featured-image\"><a href=\"http:\/\/aeronauten.org\/wordpress\/index.php\/2008\/02\/07\/the-great-game-to-come\/\" aria-label=\"The Great Game to Come\"><img loading=\"lazy\" decoding=\"async\" width=\"300\" height=\"225\" src=\"http:\/\/aeronauten.org\/wordpress\/wp-content\/uploads\/2008\/02\/DSC02917-300x225.jpg\" class=\"attachment-medium size-medium wp-post-image\" alt=\"\" style=\"max-width:206px;max-height:150px;\" srcset=\"http:\/\/aeronauten.org\/wordpress\/wp-content\/uploads\/2008\/02\/DSC02917-300x225.jpg 300w, http:\/\/aeronauten.org\/wordpress\/wp-content\/uploads\/2008\/02\/DSC02917-1024x768.jpg 1024w, http:\/\/aeronauten.org\/wordpress\/wp-content\/uploads\/2008\/02\/DSC02917-768x576.jpg 768w, http:\/\/aeronauten.org\/wordpress\/wp-content\/uploads\/2008\/02\/DSC02917-1536x1152.jpg 1536w, http:\/\/aeronauten.org\/wordpress\/wp-content\/uploads\/2008\/02\/DSC02917-2048x1536.jpg 2048w, http:\/\/aeronauten.org\/wordpress\/wp-content\/uploads\/2008\/02\/DSC02917-1568x1176.jpg 1568w\" sizes=\"auto, (max-width: 300px) 100vw, 300px\" \/><\/a><\/div><a class=\"wp-block-latest-posts__post-title\" href=\"http:\/\/aeronauten.org\/wordpress\/index.php\/2008\/02\/07\/the-great-game-to-come\/\">The Great Game to Come<\/a><div class=\"wp-block-latest-posts__post-excerpt\">The Great Game to Come, Zu Gast im Frankfurter Kunstverein\u2026\u00a0<a class=\"wp-block-latest-posts__read-more\" href=\"http:\/\/aeronauten.org\/wordpress\/index.php\/2008\/02\/07\/the-great-game-to-come\/\" rel=\"noopener noreferrer\"><span class=\"screen-reader-text\">The Great Game to Come <\/span>weiterlesen<\/a><\/div><\/li>\n<li><div class=\"wp-block-latest-posts__featured-image\"><a href=\"http:\/\/aeronauten.org\/wordpress\/index.php\/2007\/09\/07\/solarluftschiff\/\" aria-label=\"Solarluftschiff\"><img loading=\"lazy\" decoding=\"async\" width=\"300\" height=\"225\" src=\"http:\/\/aeronauten.org\/wordpress\/wp-content\/uploads\/2008\/02\/ux087-300x225.jpg\" class=\"attachment-medium size-medium wp-post-image\" alt=\"\" style=\"max-width:206px;max-height:150px;\" srcset=\"http:\/\/aeronauten.org\/wordpress\/wp-content\/uploads\/2008\/02\/ux087-300x225.jpg 300w, http:\/\/aeronauten.org\/wordpress\/wp-content\/uploads\/2008\/02\/ux087-768x576.jpg 768w, http:\/\/aeronauten.org\/wordpress\/wp-content\/uploads\/2008\/02\/ux087.jpg 1024w\" sizes=\"auto, (max-width: 300px) 100vw, 300px\" \/><\/a><\/div><a class=\"wp-block-latest-posts__post-title\" href=\"http:\/\/aeronauten.org\/wordpress\/index.php\/2007\/09\/07\/solarluftschiff\/\">Solarluftschiff<\/a><div class=\"wp-block-latest-posts__post-excerpt\">Projekttage Solarluftschiff, in drei Projekten haben wir, in Kooperation mit\u2026\u00a0<a class=\"wp-block-latest-posts__read-more\" href=\"http:\/\/aeronauten.org\/wordpress\/index.php\/2007\/09\/07\/solarluftschiff\/\" rel=\"noopener noreferrer\"><span class=\"screen-reader-text\">Solarluftschiff <\/span>weiterlesen<\/a><\/div><\/li>\n<li><div class=\"wp-block-latest-posts__featured-image\"><a href=\"http:\/\/aeronauten.org\/wordpress\/index.php\/2006\/02\/07\/windspiel-und-energie\/\" aria-label=\"Wind of change\"><img loading=\"lazy\" decoding=\"async\" width=\"300\" height=\"225\" src=\"http:\/\/aeronauten.org\/wordpress\/wp-content\/uploads\/2006\/02\/DSC03577-300x225.jpg\" class=\"attachment-medium size-medium wp-post-image\" alt=\"\" style=\"max-width:206px;max-height:150px;\" srcset=\"http:\/\/aeronauten.org\/wordpress\/wp-content\/uploads\/2006\/02\/DSC03577-300x225.jpg 300w, http:\/\/aeronauten.org\/wordpress\/wp-content\/uploads\/2006\/02\/DSC03577-1024x768.jpg 1024w, http:\/\/aeronauten.org\/wordpress\/wp-content\/uploads\/2006\/02\/DSC03577-768x576.jpg 768w, http:\/\/aeronauten.org\/wordpress\/wp-content\/uploads\/2006\/02\/DSC03577-1536x1152.jpg 1536w, http:\/\/aeronauten.org\/wordpress\/wp-content\/uploads\/2006\/02\/DSC03577-2048x1536.jpg 2048w, http:\/\/aeronauten.org\/wordpress\/wp-content\/uploads\/2006\/02\/DSC03577-1568x1176.jpg 1568w\" sizes=\"auto, (max-width: 300px) 100vw, 300px\" \/><\/a><\/div><a class=\"wp-block-latest-posts__post-title\" href=\"http:\/\/aeronauten.org\/wordpress\/index.php\/2006\/02\/07\/windspiel-und-energie\/\">Wind of change<\/a><div class=\"wp-block-latest-posts__post-excerpt\">Windspiel und Energie, Windkraft in nutzbare Energie umsetzen &#8211; das\u2026\u00a0<a class=\"wp-block-latest-posts__read-more\" href=\"http:\/\/aeronauten.org\/wordpress\/index.php\/2006\/02\/07\/windspiel-und-energie\/\" rel=\"noopener noreferrer\"><span class=\"screen-reader-text\">Wind of change <\/span>weiterlesen<\/a><\/div><\/li>\n<li><div class=\"wp-block-latest-posts__featured-image\"><a href=\"http:\/\/aeronauten.org\/wordpress\/index.php\/2004\/09\/05\/wasserrakete\/\" aria-label=\"Wasserrakete\"><img loading=\"lazy\" decoding=\"async\" width=\"300\" height=\"300\" src=\"http:\/\/aeronauten.org\/wordpress\/wp-content\/uploads\/2023\/02\/Wasserrakete01-300x300.jpg\" class=\"attachment-medium size-medium wp-post-image\" alt=\"\" style=\"max-width:206px;max-height:150px;\" srcset=\"http:\/\/aeronauten.org\/wordpress\/wp-content\/uploads\/2023\/02\/Wasserrakete01-300x300.jpg 300w, http:\/\/aeronauten.org\/wordpress\/wp-content\/uploads\/2023\/02\/Wasserrakete01-1024x1024.jpg 1024w, http:\/\/aeronauten.org\/wordpress\/wp-content\/uploads\/2023\/02\/Wasserrakete01-150x150.jpg 150w, http:\/\/aeronauten.org\/wordpress\/wp-content\/uploads\/2023\/02\/Wasserrakete01-768x768.jpg 768w, http:\/\/aeronauten.org\/wordpress\/wp-content\/uploads\/2023\/02\/Wasserrakete01-600x600.jpg 600w, http:\/\/aeronauten.org\/wordpress\/wp-content\/uploads\/2023\/02\/Wasserrakete01.jpg 1134w\" sizes=\"auto, (max-width: 300px) 100vw, 300px\" \/><\/a><\/div><a class=\"wp-block-latest-posts__post-title\" href=\"http:\/\/aeronauten.org\/wordpress\/index.php\/2004\/09\/05\/wasserrakete\/\">Wasserrakete<\/a><div class=\"wp-block-latest-posts__post-excerpt\">Wasserrakete, mit einfachen Mitteln eine funktionierende Wasserrakete bauen und zum\u2026\u00a0<a class=\"wp-block-latest-posts__read-more\" href=\"http:\/\/aeronauten.org\/wordpress\/index.php\/2004\/09\/05\/wasserrakete\/\" rel=\"noopener noreferrer\"><span class=\"screen-reader-text\">Wasserrakete <\/span>weiterlesen<\/a><\/div><\/li>\n<li><div class=\"wp-block-latest-posts__featured-image\"><a href=\"http:\/\/aeronauten.org\/wordpress\/index.php\/2004\/02\/07\/schneller-propeller\/\" aria-label=\"Schneller Propeller\"><img loading=\"lazy\" decoding=\"async\" width=\"300\" height=\"225\" src=\"http:\/\/aeronauten.org\/wordpress\/wp-content\/uploads\/2004\/02\/DSC05819-300x225.jpg\" class=\"attachment-medium size-medium wp-post-image\" alt=\"\" style=\"max-width:206px;max-height:150px;\" srcset=\"http:\/\/aeronauten.org\/wordpress\/wp-content\/uploads\/2004\/02\/DSC05819-300x225.jpg 300w, http:\/\/aeronauten.org\/wordpress\/wp-content\/uploads\/2004\/02\/DSC05819-1024x768.jpg 1024w, http:\/\/aeronauten.org\/wordpress\/wp-content\/uploads\/2004\/02\/DSC05819-768x576.jpg 768w, http:\/\/aeronauten.org\/wordpress\/wp-content\/uploads\/2004\/02\/DSC05819-1536x1152.jpg 1536w, http:\/\/aeronauten.org\/wordpress\/wp-content\/uploads\/2004\/02\/DSC05819-2048x1536.jpg 2048w, http:\/\/aeronauten.org\/wordpress\/wp-content\/uploads\/2004\/02\/DSC05819-1568x1176.jpg 1568w\" sizes=\"auto, (max-width: 300px) 100vw, 300px\" \/><\/a><\/div><a class=\"wp-block-latest-posts__post-title\" href=\"http:\/\/aeronauten.org\/wordpress\/index.php\/2004\/02\/07\/schneller-propeller\/\">Schneller Propeller<\/a><div class=\"wp-block-latest-posts__post-excerpt\">Schneller Propeller, Wir alle erwarten ein gro\u00dfes Rennen, wer schafft\u2026\u00a0<a class=\"wp-block-latest-posts__read-more\" href=\"http:\/\/aeronauten.org\/wordpress\/index.php\/2004\/02\/07\/schneller-propeller\/\" rel=\"noopener noreferrer\"><span class=\"screen-reader-text\">Schneller Propeller <\/span>weiterlesen<\/a><\/div><\/li>\n<\/ul>\n\n\n<p><\/p>\n","protected":false},"excerpt":{"rendered":"<p>hallo Sch\u00f6n, dass Sie zu unserer Homepage gefunden haben. Im Laufe des Jahres werden wir weitere Angebote hinzuf\u00fcgen, bzw. durchgef\u00fchrte Projekte vorstellen. Entdecken, Forschen und Lernen 2025 Das Angebot &#8222;Entdecken, Forschen und Lernen&#8220; der Stadt Frankfurt richtet sich an Frankfurter Schulen\/Universit\u00e4ten, Kindertageseinrichtungen bzw. Einrichtungen, die Aktivit\u00e4ten f\u00fcr Frankfurter Sch\u00fcler*innen, Student*innen im Alter von 8 bis [&hellip;]<\/p>\n","protected":false},"author":1,"featured_media":1234,"parent":0,"menu_order":0,"comment_status":"closed","ping_status":"closed","template":"","meta":{"footnotes":""},"class_list":["post-20","page","type-page","status-publish","has-post-thumbnail","hentry"],"_links":{"self":[{"href":"http:\/\/aeronauten.org\/wordpress\/index.php\/wp-json\/wp\/v2\/pages\/20","targetHints":{"allow":["GET"]}}],"collection":[{"href":"http:\/\/aeronauten.org\/wordpress\/index.php\/wp-json\/wp\/v2\/pages"}],"about":[{"href":"http:\/\/aeronauten.org\/wordpress\/index.php\/wp-json\/wp\/v2\/types\/page"}],"author":[{"embeddable":true,"href":"http:\/\/aeronauten.org\/wordpress\/index.php\/wp-json\/wp\/v2\/users\/1"}],"replies":[{"embeddable":true,"href":"http:\/\/aeronauten.org\/wordpress\/index.php\/wp-json\/wp\/v2\/comments?post=20"}],"version-history":[{"count":137,"href":"http:\/\/aeronauten.org\/wordpress\/index.php\/wp-json\/wp\/v2\/pages\/20\/revisions"}],"predecessor-version":[{"id":1520,"href":"http:\/\/aeronauten.org\/wordpress\/index.php\/wp-json\/wp\/v2\/pages\/20\/revisions\/1520"}],"wp:featuredmedia":[{"embeddable":true,"href":"http:\/\/aeronauten.org\/wordpress\/index.php\/wp-json\/wp\/v2\/media\/1234"}],"wp:attachment":[{"href":"http:\/\/aeronauten.org\/wordpress\/index.php\/wp-json\/wp\/v2\/media?parent=20"}],"curies":[{"name":"wp","href":"https:\/\/api.w.org\/{rel}","templated":true}]}}